  {"id":1479,"date":"2022-09-13T19:22:50","date_gmt":"2022-09-13T19:22:50","guid":{"rendered":"http:\/\/www.fotoklub-maribor.si\/festival\/?page_id=1479"},"modified":"2025-08-31T11:04:29","modified_gmt":"2025-08-31T11:04:29","slug":"exhibitions","status":"publish","type":"page","link":"http:\/\/www.fotoklub-maribor.si\/festival\/?page_id=1479&lang=en","title":{"rendered":"Exhibitions"},"content":{"rendered":"<h2><b>Rudi Uran<\/b><\/h2>\n<p><b>Fotogalerija Stolp, \u017didovska ulica 6\u00a0<\/b><\/p>\n<p>TOR.\u2013PET. \/ TUE.\u2013FRI.; 15.00\u201318.00<\/p>\n<p>SOBOTA \/ SATURDAY: 10.00\u201312.00<\/p>\n<h2><b>Vinci Oblak<\/b><\/h2>\n<p><b>Galerija Media Nox, \u017didovska ulica 12\u00a0<\/b><\/p>\n<p>TOR.\u2013PET. \/ TUE.\u2013FRI.; 10.00\u201314.00 &amp; 15.00\u201318.00<br \/>\nSOBOTA \/ SATURDAY: 10.00\u201313.00<\/p>\n<h2><b>Ivo Usar\u00a0<\/b><b><br \/>\n<\/b><\/h2>\n<p><b>Univerzitetna knji\u017enica Maribor,AVLA, \u00a0Gospejna ulica 10<\/b><\/p>\n<p>PON.\u2013PET. \/ MON.\u2013FRI.; 8.00\u201319.00<\/p>\n<p>SOBOTA \/ SATURDAY: 9.00\u201313.00<\/p>\n<h2><b>Bojan Hajdu<\/b><b><br \/>\n<\/b><\/h2>\n<p><b>Univerzitetna knji\u017enica Maribor, LIKOVNO RAZSTAVI\u0160\u010cE,\u00a0<\/b><b>Gospejna ulica 10<\/b><\/p>\n<p>PON.\u2013PET. \/ MON.\u2013FRI.; 8.00\u201319.00<\/p>\n<p>SOBOTA \/ SATURDAY: 9.00\u201313.00<\/p>\n<h2><b>Matja\u017e Malen\u0161ek<\/b><\/h2>\n<p><b>Fotografski muzej Maribor, Koro\u0161ka cesta 19\u00a0<\/b><\/p>\n<p>PON.\u2013PET. \/ MON.\u2013FRI.; 9.00\u201312.00 in 12.30\u201317.00<\/p>\n<h2><b>Branko Koni\u010dek<\/b><\/h2>\n<p><b>Razstavi\u0161\u010de Vetrinjski dvor, Vetrinjska ulica 30<\/b><\/p>\n<p>PON.\u2013PET. \/ MON.\u2013FRI.; 10.00\u201315.00<\/p>\n<h2><b>Brane P. Kos<\/b><\/h2>\n<p><b>IZUM, Pre\u0161ernova ulica 17\u00a0<\/b><\/p>\n<p>PON.\u2013PET. \/ MON.\u2013FRI.; 10.00\u201317.00<\/p>\n<h2><b>Maja Modrinjak<\/b><\/h2>\n<p><b>Trafika ob Mestnem parku, Ulica Heroja Staneta 3\u00a0<\/b><\/p>\n<p>TOR. in \u010cET. \/ TUE. and THU.; 16.00\u201318.00<\/p>\n<p>SOBOTA \/ SATURDAY: 10.00\u201312.00<\/p>\n<h2><b>Breda Pre\u0161ern<\/b><\/h2>\n<p><b>Dija\u0161ki dom Lizike Jan\u010dar, Titova cesta 24A\u00a0<\/b><\/p>\n<p>PON.\u2013PET. \/ MON.\u2013FRI.; 9.00\u201318.00<\/p>\n<h2><b>Bojan \u0160enet<\/b><\/h2>\n<p><b>Mala dvorana KS Kamnica, Vrbanska cesta 97\u00a0<\/b><\/p>\n<p>PON. &amp; SRE. \/ MON. &amp; WED.; 12.00\u201318.00<\/p>\n<p>PETEK \/ FRIDAY: 10.00\u201315.00<\/p>\n<h2><b>Miha Kacafura<\/b><\/h2>\n<p><b>Razstavi\u0161\u010de Karlinia, JSKD Maribor, Pobre\u0161ka cesta 20\/mansarda<\/b><\/p>\n<p>PON.\u2013PET. \/ MON.\u2013FRI.; 9.00\u201314.00<\/p>\n<p>Popoldan po dogovoru<\/p>\n<h2><b>Tomo Jeseni\u010dnik<\/b><\/h2>\n<p><b>Galerija RRRudolf, Voja\u0161ni\u0161ka ulica 12<\/b><\/p>\n<p>SREDA \/ WEDNESDAY: 17.00\u201319.00<\/p>\n<p>\u010cETRTEK \/ THURSDAY: 10.00\u201312.00<\/p>\n<p>SOBOTA \/ SATURDAY: 10.00\u201312.00<\/p>\n<h2><b>Maja \u0160ivec<\/b><\/h2>\n<p><b>Galerija DLUM, \u017didovska ulica 10<\/b><\/p>\n<p>TOR.\u2013PET. \/ TUE.\u2013FRI.; 10.00\u201315.00<\/p>\n<p>SOBOTA \/ SATURDAY: 10.00\u201313.<\/p>\n<h2><strong>Jo\u017ee Marini\u010d<\/strong><\/h2>\n<p>Galerija Kolbi\u010d,<\/p>\n<p>Zg. Velka 41B, Zgornja Velka<\/p>\n","protected":false},"excerpt":{"rendered":"<p>Rudi Uran Fotogalerija Stolp, \u017didovska ulica 6\u00a0 TOR.\u2013PET. \/ TUE.\u2013FRI.; 15.00\u201318.00 SOBOTA \/ SATURDAY: 10.00\u201312.00 Vinci Oblak Galerija Media Nox, \u017didovska ulica 12\u00a0 TOR.\u2013PET. \/ TUE.\u2013FRI.; 10.00\u201314.00 &amp; 15.00\u201318.00 SOBOTA \/ SATURDAY: 10.00\u201313.00 Ivo Usar\u00a0 Univerzitetna knji\u017enica Maribor,AVLA, \u00a0Gospejna ulica 10 PON.\u2013PET. \/ MON.\u2013FRI.; 8.00\u201319.00 SOBOTA \/ SATURDAY: 9.00\u201313.00 Bojan Hajdu Univerzitetna knji\u017enica Maribor, LIKOVNO [&hellip;]<\/p>\n","protected":false},"author":3,"featured_media":0,"parent":0,"menu_order":0,"comment_status":"closed","ping_status":"closed","template":"","meta":{"footnotes":""},"class_list":["post-1479","page","type-page","status-publish","hentry"],"_links":{"self":[{"href":"http:\/\/www.fotoklub-maribor.si\/festival\/index.php?rest_route=\/wp\/v2\/pages\/1479"}],"collection":[{"href":"http:\/\/www.fotoklub-maribor.si\/festival\/index.php?rest_route=\/wp\/v2\/pages"}],"about":[{"href":"http:\/\/www.fotoklub-maribor.si\/festival\/index.php?rest_route=\/wp\/v2\/types\/page"}],"author":[{"embeddable":true,"href":"http:\/\/www.fotoklub-maribor.si\/festival\/index.php?rest_route=\/wp\/v2\/users\/3"}],"replies":[{"embeddable":true,"href":"http:\/\/www.fotoklub-maribor.si\/festival\/index.php?rest_route=%2Fwp%2Fv2%2Fcomments&post=1479"}],"version-history":[{"count":41,"href":"http:\/\/www.fotoklub-maribor.si\/festival\/index.php?rest_route=\/wp\/v2\/pages\/1479\/revisions"}],"predecessor-version":[{"id":2267,"href":"http:\/\/www.fotoklub-maribor.si\/festival\/index.php?rest_route=\/wp\/v2\/pages\/1479\/revisions\/2267"}],"wp:attachment":[{"href":"http:\/\/www.fotoklub-maribor.si\/festival\/index.php?rest_route=%2Fwp%2Fv2%2Fmedia&parent=1479"}],"curies":[{"name":"wp","href":"https:\/\/api.w.org\/{rel}","templated":true}]}}