  {"id":1419,"date":"2022-08-20T19:05:44","date_gmt":"2022-08-20T19:05:44","guid":{"rendered":"http:\/\/www.fotoklub-maribor.si\/festival\/?page_id=1419"},"modified":"2025-09-23T15:20:02","modified_gmt":"2025-09-23T15:20:02","slug":"delavnice","status":"publish","type":"page","link":"https:\/\/www.fotoklub-maribor.si\/festival\/?page_id=1419","title":{"rendered":"Delavnice in predavanja"},"content":{"rendered":"<h1 style=\"text-align: center\"><span style=\"color: #993300\"><strong>Delavnice, predavanja, razgovori<\/strong><\/span><\/h1>\n<h3><\/h3>\n<p>&nbsp;<\/p>\n<h1><span style=\"color: #008000\"><strong>Fujifilm na festivalu fotografije Maribor<\/strong><\/span><\/h1>\n<p>\u010cetrtek 25. september, od 14 do 18 ure.<\/p>\n<h3>FujiFilm dan na festivalu fotografije25. september od 14 do 18 ure<br \/>\nPresikus in predstavitev novosti FujiFilm \u00a0foto opreme.<\/h3>\n<div class=\"x14z9mp xat24cr x1lziwak x1vvkbs xtlvy1s\"><strong>Od 14 ure<\/strong> dalje boste lahko preizkusili najnovej\u0161e kamere srednjega formata GFX100II in druge kamere.<\/div>\n<div><\/div>\n<div class=\"x14z9mp xat24cr x1lziwak x1vvkbs xtlvy1s\">Vsporedno bo potekala delavnica portretne studijske in uli\u010dne fotografije.<\/div>\n<div><\/div>\n<div class=\"x14z9mp xat24cr x1lziwak x1vvkbs xtlvy1s\"><strong>Ob 16 uri<\/strong> predstavitev novosti srednje formatnih Fujifilm kamer GFX in kamer iz FX serije.<\/div>\n<div><\/div>\n<div class=\"x14z9mp xat24cr x1lziwak x1vvkbs xtlvy1s\"><strong>Ob 16.30 u<\/strong>ri, predavanje s projekcijo: Branimir Ritonja &#8211; Cuba, en aparat en objektov.<\/div>\n<div><\/div>\n<div class=\"x14z9mp xat24cr x1lziwak x1vvkbs xtlvy1s\">VSTOP JE PROST.<\/div>\n<h3><\/h3>\n<p><img loading=\"lazy\" decoding=\"async\" class=\"alignnone size-medium wp-image-2327\" src=\"http:\/\/www.fotoklub-maribor.si\/festival\/wp-content\/uploads\/sites\/4\/2025\/08\/branimir_ritonja_cuba-mala-300x200.jpg\" alt=\"\" width=\"300\" height=\"200\" srcset=\"https:\/\/www.fotoklub-maribor.si\/festival\/wp-content\/uploads\/sites\/4\/2025\/08\/branimir_ritonja_cuba-mala-300x200.jpg 300w, https:\/\/www.fotoklub-maribor.si\/festival\/wp-content\/uploads\/sites\/4\/2025\/08\/branimir_ritonja_cuba-mala-1024x682.jpg 1024w, https:\/\/www.fotoklub-maribor.si\/festival\/wp-content\/uploads\/sites\/4\/2025\/08\/branimir_ritonja_cuba-mala-768x512.jpg 768w, https:\/\/www.fotoklub-maribor.si\/festival\/wp-content\/uploads\/sites\/4\/2025\/08\/branimir_ritonja_cuba-mala.jpg 1276w\" sizes=\"(max-width: 300px) 100vw, 300px\" \/> <img loading=\"lazy\" decoding=\"async\" class=\"alignnone wp-image-2363\" src=\"http:\/\/www.fotoklub-maribor.si\/festival\/wp-content\/uploads\/sites\/4\/2025\/09\/X-E5_top_XF23F2_8_silver-300x300.jpg\" alt=\"\" width=\"235\" height=\"235\" srcset=\"https:\/\/www.fotoklub-maribor.si\/festival\/wp-content\/uploads\/sites\/4\/2025\/09\/X-E5_top_XF23F2_8_silver-300x300.jpg 300w, https:\/\/www.fotoklub-maribor.si\/festival\/wp-content\/uploads\/sites\/4\/2025\/09\/X-E5_top_XF23F2_8_silver-1024x1024.jpg 1024w, https:\/\/www.fotoklub-maribor.si\/festival\/wp-content\/uploads\/sites\/4\/2025\/09\/X-E5_top_XF23F2_8_silver-150x150.jpg 150w, https:\/\/www.fotoklub-maribor.si\/festival\/wp-content\/uploads\/sites\/4\/2025\/09\/X-E5_top_XF23F2_8_silver-768x768.jpg 768w, https:\/\/www.fotoklub-maribor.si\/festival\/wp-content\/uploads\/sites\/4\/2025\/09\/X-E5_top_XF23F2_8_silver-1536x1536.jpg 1536w, https:\/\/www.fotoklub-maribor.si\/festival\/wp-content\/uploads\/sites\/4\/2025\/09\/X-E5_top_XF23F2_8_silver-2048x2048.jpg 2048w\" sizes=\"(max-width: 235px) 100vw, 235px\" \/> \u00a0<img loading=\"lazy\" decoding=\"async\" class=\"alignnone wp-image-2362\" src=\"http:\/\/www.fotoklub-maribor.si\/festival\/wp-content\/uploads\/sites\/4\/2025\/09\/mGFX100RF_Shohei-Uda_GFX100RF_life-style_32-300x300.jpg\" alt=\"\" width=\"251\" height=\"251\" srcset=\"https:\/\/www.fotoklub-maribor.si\/festival\/wp-content\/uploads\/sites\/4\/2025\/09\/mGFX100RF_Shohei-Uda_GFX100RF_life-style_32-300x300.jpg 300w, https:\/\/www.fotoklub-maribor.si\/festival\/wp-content\/uploads\/sites\/4\/2025\/09\/mGFX100RF_Shohei-Uda_GFX100RF_life-style_32-1024x1024.jpg 1024w, https:\/\/www.fotoklub-maribor.si\/festival\/wp-content\/uploads\/sites\/4\/2025\/09\/mGFX100RF_Shohei-Uda_GFX100RF_life-style_32-150x150.jpg 150w, https:\/\/www.fotoklub-maribor.si\/festival\/wp-content\/uploads\/sites\/4\/2025\/09\/mGFX100RF_Shohei-Uda_GFX100RF_life-style_32-768x768.jpg 768w, https:\/\/www.fotoklub-maribor.si\/festival\/wp-content\/uploads\/sites\/4\/2025\/09\/mGFX100RF_Shohei-Uda_GFX100RF_life-style_32-1536x1536.jpg 1536w, https:\/\/www.fotoklub-maribor.si\/festival\/wp-content\/uploads\/sites\/4\/2025\/09\/mGFX100RF_Shohei-Uda_GFX100RF_life-style_32-2048x2048.jpg 2048w\" sizes=\"(max-width: 251px) 100vw, 251px\" \/><\/p>\n<p><img loading=\"lazy\" decoding=\"async\" class=\"alignnone size-full wp-image-1236\" src=\"http:\/\/www.fotoklub-maribor.si\/festival\/wp-content\/uploads\/sites\/4\/2021\/09\/fotografski-1.jpg\" alt=\"\" width=\"81\" height=\"80\" \/> \u00a0 <img loading=\"lazy\" decoding=\"async\" class=\"alignnone size-medium wp-image-2002\" src=\"http:\/\/www.fotoklub-maribor.si\/festival\/wp-content\/uploads\/sites\/4\/2025\/04\/X.-FESTIVAL-LOGO_2025_baner-podolzen-300x90.png\" alt=\"\" width=\"300\" height=\"90\" srcset=\"https:\/\/www.fotoklub-maribor.si\/festival\/wp-content\/uploads\/sites\/4\/2025\/04\/X.-FESTIVAL-LOGO_2025_baner-podolzen-300x90.png 300w, https:\/\/www.fotoklub-maribor.si\/festival\/wp-content\/uploads\/sites\/4\/2025\/04\/X.-FESTIVAL-LOGO_2025_baner-podolzen-1024x307.png 1024w, https:\/\/www.fotoklub-maribor.si\/festival\/wp-content\/uploads\/sites\/4\/2025\/04\/X.-FESTIVAL-LOGO_2025_baner-podolzen-768x230.png 768w, https:\/\/www.fotoklub-maribor.si\/festival\/wp-content\/uploads\/sites\/4\/2025\/04\/X.-FESTIVAL-LOGO_2025_baner-podolzen-1536x461.png 1536w, https:\/\/www.fotoklub-maribor.si\/festival\/wp-content\/uploads\/sites\/4\/2025\/04\/X.-FESTIVAL-LOGO_2025_baner-podolzen-2048x614.png 2048w\" sizes=\"(max-width: 300px) 100vw, 300px\" \/><\/p>\n<p>&nbsp;<\/p>\n<p>&nbsp;<\/p>\n<h1><strong>Delavnica analogne fotografije<\/strong><\/h1>\n<hr \/>\n<p class=\"tm6\"><span class=\"tm7\" style=\"color: #666699\">je namenjena vsem, ki se \u017eelijo nau\u010diti izdelovati \u010drno-bele fotografije na film, samostojno razvijati film in fotografije z delom v temnici.<\/span><\/p>\n<p><img loading=\"lazy\" decoding=\"async\" class=\"\" src=\"http:\/\/www.fotoklub-maribor.si\/festival\/wp-content\/uploads\/sites\/4\/2021\/08\/alkimisti-rprodukcije-5-994x1024.jpg\" alt=\"\" width=\"629\" height=\"648\" \/><\/p>\n<h3>&gt;&gt;&gt; Ve\u010d <a href=\"http:\/\/www.fotoklub-maribor.si\/festival\/wp-content\/uploads\/sites\/4\/2025\/08\/Delavnica-analogne-fotografije.pdf\">Delavnica analogne fotografije<\/a><\/h3>\n<p>&nbsp;<\/p>\n<h3>Nedelja 14. september ob 10 uri.<\/h3>\n<p>S fotoaparatom v roki se bomo sprehodili po starem mestnem jedru, fotografirali zanimivosti, detajle zgradb&#8230;<\/p>\n<p>Vodi: \u010dlan fotokluba maribor<\/p>\n<p><img loading=\"lazy\" decoding=\"async\" class=\"alignnone wp-image-2058\" src=\"http:\/\/www.fotoklub-maribor.si\/festival\/wp-content\/uploads\/sites\/4\/2025\/05\/MB-2-300x300.jpg\" alt=\"\" width=\"407\" height=\"407\" srcset=\"https:\/\/www.fotoklub-maribor.si\/festival\/wp-content\/uploads\/sites\/4\/2025\/05\/MB-2-300x300.jpg 300w, https:\/\/www.fotoklub-maribor.si\/festival\/wp-content\/uploads\/sites\/4\/2025\/05\/MB-2-1024x1024.jpg 1024w, https:\/\/www.fotoklub-maribor.si\/festival\/wp-content\/uploads\/sites\/4\/2025\/05\/MB-2-150x150.jpg 150w, https:\/\/www.fotoklub-maribor.si\/festival\/wp-content\/uploads\/sites\/4\/2025\/05\/MB-2-768x768.jpg 768w, https:\/\/www.fotoklub-maribor.si\/festival\/wp-content\/uploads\/sites\/4\/2025\/05\/MB-2-1536x1536.jpg 1536w, https:\/\/www.fotoklub-maribor.si\/festival\/wp-content\/uploads\/sites\/4\/2025\/05\/MB-2-2048x2048.jpg 2048w\" sizes=\"(max-width: 407px) 100vw, 407px\" \/><\/p>\n<p>&nbsp;<\/p>\n<p>&nbsp;<\/p>\n<h1>Nikonov dan na festivalu<\/h1>\n<p>&nbsp;<\/p>\n<h3><span class=\"tm8\"><a id=\"aHlk204593199\"><\/a>V \u010detrtek, 18-ega septembra bo v Fotografskem muzeju Maribor med 14. In 19. uro potekalo <\/span><strong><span class=\"tm9\">Nikonovo popoldne<\/span><\/strong><span class=\"tm8\"> z bogatim programom.<\/span><\/h3>\n<p style=\"font-weight: 400\">\u017de ob 14. uri vas pri\u010dakuje Nikonova promocijska ekipa, predstavnik specializirane fotografske trgovine Fotospecialisti ter studio z modelom.<\/p>\n<p style=\"font-weight: 400\">Premierno v Sloveniji boste ob 16. uri prisluhnili predstavitvi prve kinematografske kamere Nikon ZR, prvega Nikonovega izdelka linije Z CINEMA.<\/p>\n<p style=\"font-weight: 400\">(<a href=\"https:\/\/www.nikon.si\/sl_SI\/product\/cameras\/cinema\/zr\" data-saferedirecturl=\"https:\/\/www.google.com\/url?q=https:\/\/www.nikon.si\/sl_SI\/product\/cameras\/cinema\/zr&amp;source=gmail&amp;ust=1757690885087000&amp;usg=AOvVaw1zqhWIu5tb9LS2k6GMny0m\">https:\/\/www.nikon.si\/sl_SI\/product\/cameras\/cinema\/zr<\/a>)<\/p>\n<p><img loading=\"lazy\" decoding=\"async\" class=\"alignnone size-full wp-image-2358\" src=\"http:\/\/www.fotoklub-maribor.si\/festival\/wp-content\/uploads\/sites\/4\/2025\/09\/ZR_videoaccy_lineup_PBS03-scaled.jpg\" alt=\"\" width=\"2560\" height=\"1658\" \/><\/p>\n<p><img loading=\"lazy\" decoding=\"async\" class=\"alignnone size-full wp-image-2357\" src=\"http:\/\/www.fotoklub-maribor.si\/festival\/wp-content\/uploads\/sites\/4\/2025\/09\/image692090.gif\" alt=\"\" width=\"70\" height=\"70\" \/>\u00a0 \u00a0 \u00a0 <img loading=\"lazy\" decoding=\"async\" class=\"alignnone size-full wp-image-1224\" src=\"http:\/\/www.fotoklub-maribor.si\/festival\/wp-content\/uploads\/sites\/4\/2021\/09\/fotospecialisti-1.jpg\" alt=\"\" width=\"172\" height=\"60\" \/><\/p>\n<p class=\"tm7\"><span class=\"tm8\">Mojster oblikovanja svetlobe <\/span><strong><span class=\"tm9\">Tomo Jeseni\u010dnik<\/span><\/strong><span class=\"tm8\"> bo udele\u017eencem delavnice predstavil neskon\u010dne mo\u017enosti kreativne uporabe tehnike \u00bbsvetlobnega \u010dopi\u010da,\u00ab ob <\/span><strong><span class=\"tm9\">studijskem fotografiranju z modelom<\/span><\/strong><span class=\"tm8\"> bo za preizkus na voljo aktualna fotografska oprema Nikon serije Z, obenem pa boste podrobneje spoznali \u0161e bogato ponudbo specializirane trgovine <\/span><strong><span class=\"tm9\">Fotospecialisti, <\/span><\/strong><span class=\"tm8\">ki za obiskovalce dogodka in zveste stranke pripravlja<\/span><strong><span class=\"tm9\"> enkratno akcijsko ponudbo<\/span><\/strong><span class=\"tm8\">.<\/span><\/p>\n<p>\u00a0 \u00a0 \u00a0\u00a0 <img loading=\"lazy\" decoding=\"async\" class=\"alignnone size-medium wp-image-2309\" src=\"http:\/\/www.fotoklub-maribor.si\/festival\/wp-content\/uploads\/sites\/4\/2025\/08\/Primer-003-300x188.jpg\" alt=\"\" width=\"300\" height=\"188\" srcset=\"https:\/\/www.fotoklub-maribor.si\/festival\/wp-content\/uploads\/sites\/4\/2025\/08\/Primer-003-300x188.jpg 300w, https:\/\/www.fotoklub-maribor.si\/festival\/wp-content\/uploads\/sites\/4\/2025\/08\/Primer-003-1024x640.jpg 1024w, https:\/\/www.fotoklub-maribor.si\/festival\/wp-content\/uploads\/sites\/4\/2025\/08\/Primer-003-768x480.jpg 768w, https:\/\/www.fotoklub-maribor.si\/festival\/wp-content\/uploads\/sites\/4\/2025\/08\/Primer-003-1536x960.jpg 1536w, https:\/\/www.fotoklub-maribor.si\/festival\/wp-content\/uploads\/sites\/4\/2025\/08\/Primer-003-2048x1280.jpg 2048w\" sizes=\"(max-width: 300px) 100vw, 300px\" \/>\u00a0 \u00a0 \u00a0 \u00a0 <img loading=\"lazy\" decoding=\"async\" class=\"alignnone size-medium wp-image-2310\" src=\"http:\/\/www.fotoklub-maribor.si\/festival\/wp-content\/uploads\/sites\/4\/2025\/08\/Primer-010-300x188.jpg\" alt=\"\" width=\"300\" height=\"188\" srcset=\"https:\/\/www.fotoklub-maribor.si\/festival\/wp-content\/uploads\/sites\/4\/2025\/08\/Primer-010-300x188.jpg 300w, https:\/\/www.fotoklub-maribor.si\/festival\/wp-content\/uploads\/sites\/4\/2025\/08\/Primer-010-1024x640.jpg 1024w, https:\/\/www.fotoklub-maribor.si\/festival\/wp-content\/uploads\/sites\/4\/2025\/08\/Primer-010-768x480.jpg 768w, https:\/\/www.fotoklub-maribor.si\/festival\/wp-content\/uploads\/sites\/4\/2025\/08\/Primer-010-1536x960.jpg 1536w, https:\/\/www.fotoklub-maribor.si\/festival\/wp-content\/uploads\/sites\/4\/2025\/08\/Primer-010-2048x1280.jpg 2048w\" sizes=\"(max-width: 300px) 100vw, 300px\" \/><\/p>\n<p class=\"tm7\"><strong><span class=\"tm8\">O delavnici:<\/span><\/strong><\/p>\n<p class=\"tm7\"><span class=\"tm9\">Na delavnici se bomo seznanili (in v praksi preizkusili) s tehniko osvetljevanja po principu t.i. svetlobnega \u010dopi\u010da, ki zaradi svoje neponovljivosti in nepredvidljivosti, predvsem pa neomejene kreativnosti, fotografijam doda magi\u010dni navdih. Na teoreti\u010dnem delu delavnice bo prikazanih nekaj u\u010dinkovitih na\u010dinov uporabe te tehnike, v prakti\u010dnem delu pa boste nekaj primerov posku\u0161ali fotografirati tudi sami (zato je priporo\u010deno, da na delavnico prinesete svoj fotoaparat z objektivom gori\u0161\u010dnice med 50 in 120mm ter stojalom \u2013 baterijske svetilke bodo na voljo na delavnici). Spoznali boste, kako se ta tehnika obnese na razli\u010dnih materialih, kdaj jo je sploh smiselno uporabiti in kdaj ne, s kak\u0161nimi svetilkami bomo dosegli najbolj\u0161e rezultate\u2026<\/span><\/p>\n<p class=\"tm11\"><strong><span class=\"tm12\">\u00a0<\/span><\/strong><\/p>\n<p class=\"tm7\"><strong><span class=\"tm8\">O avtorju:<\/span><\/strong><\/p>\n<p class=\"tm7\"><span class=\"tm9\"><img loading=\"lazy\" decoding=\"async\" class=\"alignnone wp-image-2308\" src=\"http:\/\/www.fotoklub-maribor.si\/festival\/wp-content\/uploads\/sites\/4\/2025\/08\/Tomo-Jesenicnik-Portrait-2-199x300.jpg\" alt=\"\" width=\"153\" height=\"231\" srcset=\"https:\/\/www.fotoklub-maribor.si\/festival\/wp-content\/uploads\/sites\/4\/2025\/08\/Tomo-Jesenicnik-Portrait-2-199x300.jpg 199w, https:\/\/www.fotoklub-maribor.si\/festival\/wp-content\/uploads\/sites\/4\/2025\/08\/Tomo-Jesenicnik-Portrait-2-679x1024.jpg 679w, https:\/\/www.fotoklub-maribor.si\/festival\/wp-content\/uploads\/sites\/4\/2025\/08\/Tomo-Jesenicnik-Portrait-2-768x1158.jpg 768w, https:\/\/www.fotoklub-maribor.si\/festival\/wp-content\/uploads\/sites\/4\/2025\/08\/Tomo-Jesenicnik-Portrait-2.jpg 796w\" sizes=\"(max-width: 153px) 100vw, 153px\" \/>\u00a0 \u00a0 TOMO JESENI\u010cNIK<\/span><\/p>\n<p class=\"tm7\"><span class=\"tm9\">S fotografijo se poklicno ukvarja \u017ee 30 let. Doslej je svoje fotografije objavil v ve\u010d kot 250 doma\u010dih in tujih revijah ter \u010dasopisih. Razstavljal je na preko 90 samostojnih in skupinskih razstavah v 32 dr\u017eavah sveta. Sodeluje z nekaterimi najve\u010djimi slovenskimi in tujimi ogla\u0161evalskimi agencijami, zalo\u017ebami, \u010dasopisnimi hi\u0161ami, oblikovalskimi studii ter nacionalnimi turisti\u010dnimi organizacijami. Je avtor ali soavtor preko 300 fotomonografij, knjig in ve\u010d kot 150 razli\u010dnih turisti\u010dnih ter poljudnoznanstvenih publikacij v Sloveniji in tujini. Njegovo delo obsega razli\u010dna podro\u010dja fotografije od klasi\u010dne pokrajinske, still-life fotografije, naravoslovne fotografije, kulinari\u010dne in kreativne studijske fotografije, do portretov in reporta\u017e. Pri njegovem delu ga \u017eene te\u017enja po \u010dim ve\u010djem obvladovanju in razumevanju svetlobe ter kreativna uporaba le-te v fotografiji.<\/span><\/p>\n<p class=\"tm8\"><strong><span class=\"tm9\">Povezave:<\/span><\/strong><\/p>\n<p class=\"tm8\"><strong><u><a href=\"https:\/\/www.facebook.com\/tomo.jesenicnik\"><span class=\"tm9\">https:\/\/www.facebook.com\/tomo.jesenicnik<\/span><\/a><a id=\"aHlt182296351\"><\/a><a id=\"aHlt182296352\"><\/a><\/u><\/strong><\/p>\n<p class=\"tm8\"><strong><u><a href=\"https:\/\/www.instagram.com\/tomonikon\/\"><span class=\"tm9\">https:\/\/www.instagram.com\/tomonikon\/<\/span><\/a><\/u><\/strong><\/p>\n<p>&nbsp;<\/p>\n","protected":false},"excerpt":{"rendered":"<p>Delavnice, predavanja, razgovori &nbsp; Fujifilm na festivalu fotografije Maribor \u010cetrtek 25. september, od 14 do 18 ure. FujiFilm dan na festivalu fotografije25. september od 14 do 18 ure Presikus in predstavitev novosti FujiFilm \u00a0foto opreme. Od 14 ure dalje boste lahko preizkusili najnovej\u0161e kamere srednjega formata GFX100II in druge kamere. Vsporedno bo potekala delavnica portretne [&hellip;]<\/p>\n","protected":false},"author":3,"featured_media":2003,"parent":0,"menu_order":0,"comment_status":"closed","ping_status":"closed","template":"","meta":{"footnotes":""},"class_list":["post-1419","page","type-page","status-publish","has-post-thumbnail","hentry"],"_links":{"self":[{"href":"https:\/\/www.fotoklub-maribor.si\/festival\/index.php?rest_route=\/wp\/v2\/pages\/1419"}],"collection":[{"href":"https:\/\/www.fotoklub-maribor.si\/festival\/index.php?rest_route=\/wp\/v2\/pages"}],"about":[{"href":"https:\/\/www.fotoklub-maribor.si\/festival\/index.php?rest_route=\/wp\/v2\/types\/page"}],"author":[{"embeddable":true,"href":"https:\/\/www.fotoklub-maribor.si\/festival\/index.php?rest_route=\/wp\/v2\/users\/3"}],"replies":[{"embeddable":true,"href":"https:\/\/www.fotoklub-maribor.si\/festival\/index.php?rest_route=%2Fwp%2Fv2%2Fcomments&post=1419"}],"version-history":[{"count":109,"href":"https:\/\/www.fotoklub-maribor.si\/festival\/index.php?rest_route=\/wp\/v2\/pages\/1419\/revisions"}],"predecessor-version":[{"id":2366,"href":"https:\/\/www.fotoklub-maribor.si\/festival\/index.php?rest_route=\/wp\/v2\/pages\/1419\/revisions\/2366"}],"wp:featuredmedia":[{"embeddable":true,"href":"https:\/\/www.fotoklub-maribor.si\/festival\/index.php?rest_route=\/wp\/v2\/media\/2003"}],"wp:attachment":[{"href":"https:\/\/www.fotoklub-maribor.si\/festival\/index.php?rest_route=%2Fwp%2Fv2%2Fmedia&parent=1419"}],"curies":[{"name":"wp","href":"https:\/\/api.w.org\/{rel}","templated":true}]}}