  {"id":517,"date":"2025-05-06T08:08:30","date_gmt":"2025-05-06T08:08:30","guid":{"rendered":"http:\/\/www.fotoklub-maribor.si\/festival\/?page_id=517"},"modified":"2025-09-05T15:51:00","modified_gmt":"2025-09-05T15:51:00","slug":"razstave","status":"publish","type":"page","link":"https:\/\/www.fotoklub-maribor.si\/festival\/?page_id=517","title":{"rendered":"Razstave"},"content":{"rendered":"<h1 style=\"text-align: left\"><\/h1>\n<p><img loading=\"lazy\" decoding=\"async\" src=\"http:\/\/www.fotoklub-maribor.si\/festival\/wp-content\/uploads\/sites\/4\/2025\/04\/X.-FESTIVAL-LOGO_2025_baner-podolzen-768x230.png\" alt=\"\" width=\"768\" height=\"230\" \/><\/p>\n<h1><\/h1>\n<h1>RAZSTAVE<\/h1>\n<h2><img loading=\"lazy\" decoding=\"async\" class=\"alignnone  wp-image-2353\" src=\"http:\/\/www.fotoklub-maribor.si\/festival\/wp-content\/uploads\/sites\/4\/2025\/09\/KATALOG-X.-FESTIVAL-FOTO-MARIBOR_2025-24-300x225.jpg\" alt=\"\" width=\"467\" height=\"350\" srcset=\"https:\/\/www.fotoklub-maribor.si\/festival\/wp-content\/uploads\/sites\/4\/2025\/09\/KATALOG-X.-FESTIVAL-FOTO-MARIBOR_2025-24-300x225.jpg 300w, https:\/\/www.fotoklub-maribor.si\/festival\/wp-content\/uploads\/sites\/4\/2025\/09\/KATALOG-X.-FESTIVAL-FOTO-MARIBOR_2025-24-1024x768.jpg 1024w, https:\/\/www.fotoklub-maribor.si\/festival\/wp-content\/uploads\/sites\/4\/2025\/09\/KATALOG-X.-FESTIVAL-FOTO-MARIBOR_2025-24-768x576.jpg 768w, https:\/\/www.fotoklub-maribor.si\/festival\/wp-content\/uploads\/sites\/4\/2025\/09\/KATALOG-X.-FESTIVAL-FOTO-MARIBOR_2025-24-1536x1152.jpg 1536w, https:\/\/www.fotoklub-maribor.si\/festival\/wp-content\/uploads\/sites\/4\/2025\/09\/KATALOG-X.-FESTIVAL-FOTO-MARIBOR_2025-24-2048x1536.jpg 2048w\" sizes=\"(max-width: 467px) 100vw, 467px\" \/><\/h2>\n<h2><\/h2>\n<h2 style=\"text-align: left\"><b>Rudi Uran<\/b><\/h2>\n<p style=\"color: #000000;text-align: left\"><b>Fotogalerija Stolp, \u017didovska ulica 6\u00a0<\/b><\/p>\n<p style=\"color: #000000;text-align: left\">TOR.\u2013PET. \/ TUE.\u2013FRI.; 15.00\u201318.00<\/p>\n<p style=\"margin-top: 0px;margin-bottom: 1rem;color: #000000;font-family: -apple-system, BlinkMacSystemFont, 'Segoe UI', Roboto, 'Helvetica Neue', Arial, sans-serif, 'Apple Color Emoji', 'Segoe UI Emoji', 'Segoe UI Symbol';font-size: 16px;font-style: normal;font-weight: 400;letter-spacing: normal;text-indent: 0px;text-transform: none;text-decoration: none;text-align: left\">SOBOTA \/ SATURDAY: 10.00\u201312.00<\/p>\n<h2 style=\"font-family: -apple-system, BlinkMacSystemFont, 'Segoe UI', Roboto, 'Helvetica Neue', Arial, sans-serif, 'Apple Color Emoji', 'Segoe UI Emoji', 'Segoe UI Symbol';color: #212529\"><b>Vinci Oblak<\/b><\/h2>\n<p style=\"color: #000000\"><b style=\"font-size: 1rem\">Galerija Media Nox, \u017didovska ulica 12\u00a0<\/b><\/p>\n<p style=\"color: #000000\">TOR.\u2013PET. \/ TUE.\u2013FRI.; 10.00\u201314.00 &amp; 15.00\u201318.00<br \/>\nSOBOTA \/ SATURDAY: 10.00\u201313.00<\/p>\n<h2 style=\"text-align: left\"><b>\u00a0Ivo Usar\u00a0<\/b><b><br \/>\n<\/b><\/h2>\n<p style=\"text-align: left\"><b>Univerzitetna knji\u017enica Maribor,AVLA, \u00a0Gospejna ulica 10<\/b><\/p>\n<p style=\"text-align: left\">PON.\u2013PET. \/ MON.\u2013FRI.; 8.00\u201319.00<\/p>\n<p style=\"text-align: left\">SOBOTA \/ SATURDAY: 9.00\u201313.00<\/p>\n<h2 style=\"font-family: -apple-system, BlinkMacSystemFont, 'Segoe UI', Roboto, 'Helvetica Neue', Arial, sans-serif, 'Apple Color Emoji', 'Segoe UI Emoji', 'Segoe UI Symbol';color: #212529\"><b>\u00a0Bojan Hajdu<\/b><b><br \/>\n<\/b><\/h2>\n<p style=\"text-align: left\"><b>Univerzitetna knji\u017enica Maribor, LIKOVNO RAZSTAVI\u0160\u010cE,\u00a0<\/b><b style=\"font-size: 1rem\">Gospejna ulica 10<\/b><\/p>\n<p style=\"text-align: left\">PON.\u2013PET. \/ MON.\u2013FRI.; 8.00\u201319.00<\/p>\n<p style=\"text-align: left\">SOBOTA \/ SATURDAY: 9.00\u201313.00<\/p>\n<h2><b>Matja\u017e Malen\u0161ek<\/b><\/h2>\n<p><b>Fotografski muzej Maribor, Koro\u0161ka cesta 19\u00a0<\/b><\/p>\n<p>PON.\u2013PET. \/ MON.\u2013FRI.; 9.00\u201312.00 in 12.30\u201317.00<\/p>\n<h2><b>Branko Koni\u010dek<\/b><\/h2>\n<p><b>Razstavi\u0161\u010de Vetrinjski dvor, Vetrinjska ulica 30<\/b><\/p>\n<p>PON.\u2013PET. \/ MON.\u2013FRI.; 10.00\u201315.00<\/p>\n<h2 style=\"text-align: left\"><b>Brane P. Kos<\/b><\/h2>\n<p style=\"text-align: left\"><b>IZUM, Pre\u0161ernova ulica 17\u00a0<\/b><\/p>\n<p style=\"text-align: left\">PON.\u2013PET. \/ MON.\u2013FRI.; 10.00\u201317.00<\/p>\n<h2><b>\u00a0Maja Modrinjak<\/b><\/h2>\n<p><b>Trafika ob Mestnem parku, Ulica Heroja Staneta 3\u00a0<\/b><\/p>\n<p>TOR. in \u010cET. \/ TUE. and THU.; 16.00\u201318.00<\/p>\n<p>SOBOTA \/ SATURDAY: 10.00\u201312.00<\/p>\n<h2><b>\u00a0Breda Pre\u0161ern<\/b><\/h2>\n<p><b>Dija\u0161ki dom Lizike Jan\u010dar, Titova cesta 24A\u00a0<\/b><\/p>\n<p>PON.\u2013PET. \/ MON.\u2013FRI.; 9.00\u201318.00<\/p>\n<h2><b>Bojan \u0160enet<\/b><\/h2>\n<p><b>Mala dvorana KS Kamnica, Vrbanska cesta 97\u00a0<\/b><\/p>\n<p>PON. &amp; SRE. \/ MON. &amp; WED.; 12.00\u201318.00<\/p>\n<p>PETEK \/ FRIDAY: 10.00\u201315.00<\/p>\n<h2><b>Miha Kacafura<\/b><\/h2>\n<p><b>Razstavi\u0161\u010de Karlinia, JSKD Maribor, Pobre\u0161ka cesta 20\/mansarda<\/b><\/p>\n<p>PON.\u2013PET. \/ MON.\u2013FRI.; 9.00\u201314.00<\/p>\n<p>Popoldan po dogovoru<\/p>\n<h2><b>Tomo Jeseni\u010dnik<\/b><\/h2>\n<p><b>Galerija RRRudolf, Voja\u0161ni\u0161ka ulica 12<\/b><\/p>\n<p>SREDA \/ WEDNESDAY: 17.00\u201319.00<\/p>\n<p>\u010cETRTEK \/ THURSDAY: 10.00\u201312.00<\/p>\n<p>SOBOTA \/ SATURDAY: 10.00\u201312.00<\/p>\n<h2><b>Maja \u0160ivec<\/b><\/h2>\n<p><b>Galerija DLUM, \u017didovska ulica 10\u00a0<\/b><\/p>\n<p>TOR.\u2013PET. \/ TUE.\u2013FRI.; 10.00\u201315.00<\/p>\n<p>SOBOTA \/ SATURDAY: 10.00\u201313<\/p>\n<h2><strong>Jo\u017ee Marini\u010d<\/strong><\/h2>\n<p><strong>Galerija Kolbi\u010d<\/strong><\/p>\n<p>Zg. Velka 41B, Zgornja Velka<\/p>\n<h2><strong>Jozef Civre <\/strong><\/h2>\n<p>Razstavi\u0161\u010de KKC Lendava<\/p>\n<p>&nbsp;<\/p>\n<p>&nbsp;<\/p>\n<p><b><i>Povezava do zemljevida razpr\u0161enih lokacij razstavi\u0161\u010d in galerij z razstavami Festivala fotografije v Mariboru:<\/i><\/b><\/p>\n<p><a href=\"https:\/\/www.google.com\/maps\/d\/edit?mid=1a8I8_CNZPkd4VPeb6H4t1hU3HMHu7o8&amp;amp;usp=sharing\">https:\/\/www.google.com\/maps\/d\/edit?mid=1a8I8_CNZPkd4VPeb6H4t1hU3HMHu7o8&amp;amp;usp=sharing<\/a><\/p>\n","protected":false},"excerpt":{"rendered":"<p>RAZSTAVE Rudi Uran Fotogalerija Stolp, \u017didovska ulica 6\u00a0 TOR.\u2013PET. \/ TUE.\u2013FRI.; 15.00\u201318.00 SOBOTA \/ SATURDAY: 10.00\u201312.00 Vinci Oblak Galerija Media Nox, \u017didovska ulica 12\u00a0 TOR.\u2013PET. \/ TUE.\u2013FRI.; 10.00\u201314.00 &amp; 15.00\u201318.00 SOBOTA \/ SATURDAY: 10.00\u201313.00 \u00a0Ivo Usar\u00a0 Univerzitetna knji\u017enica Maribor,AVLA, \u00a0Gospejna ulica 10 PON.\u2013PET. \/ MON.\u2013FRI.; 8.00\u201319.00 SOBOTA \/ SATURDAY: 9.00\u201313.00 \u00a0Bojan Hajdu Univerzitetna knji\u017enica Maribor, [&hellip;]<\/p>\n","protected":false},"author":2,"featured_media":0,"parent":0,"menu_order":0,"comment_status":"closed","ping_status":"closed","template":"","meta":{"footnotes":""},"class_list":["post-517","page","type-page","status-publish","hentry"],"_links":{"self":[{"href":"https:\/\/www.fotoklub-maribor.si\/festival\/index.php?rest_route=\/wp\/v2\/pages\/517"}],"collection":[{"href":"https:\/\/www.fotoklub-maribor.si\/festival\/index.php?rest_route=\/wp\/v2\/pages"}],"about":[{"href":"https:\/\/www.fotoklub-maribor.si\/festival\/index.php?rest_route=\/wp\/v2\/types\/page"}],"author":[{"embeddable":true,"href":"https:\/\/www.fotoklub-maribor.si\/festival\/index.php?rest_route=\/wp\/v2\/users\/2"}],"replies":[{"embeddable":true,"href":"https:\/\/www.fotoklub-maribor.si\/festival\/index.php?rest_route=%2Fwp%2Fv2%2Fcomments&post=517"}],"version-history":[{"count":163,"href":"https:\/\/www.fotoklub-maribor.si\/festival\/index.php?rest_route=\/wp\/v2\/pages\/517\/revisions"}],"predecessor-version":[{"id":2354,"href":"https:\/\/www.fotoklub-maribor.si\/festival\/index.php?rest_route=\/wp\/v2\/pages\/517\/revisions\/2354"}],"wp:attachment":[{"href":"https:\/\/www.fotoklub-maribor.si\/festival\/index.php?rest_route=%2Fwp%2Fv2%2Fmedia&parent=517"}],"curies":[{"name":"wp","href":"https:\/\/api.w.org\/{rel}","templated":true}]}}